{"id":245,"date":"2019-04-01T08:00:00","date_gmt":"2019-04-01T08:00:00","guid":{"rendered":"http:\/\/wfos.logicnet.pl\/bip\/?post_type=bip&#038;p=245"},"modified":"2025-07-18T12:14:30","modified_gmt":"2025-07-18T10:14:30","slug":"klauzula-informacyjna-dla-beneficjentow-osoby-prawne","status":"publish","type":"bip","link":"https:\/\/archiwum.wfos.szczecin.pl\/bip\/?bip=klauzula-informacyjna-dla-beneficjentow-osoby-prawne","title":{"rendered":"Klauzula informacyjna dla beneficjent\u00f3w &#8211; osoby prawne"},"content":{"rendered":"<p align=\"center\"><strong>Klauzula informacyjna<br \/>\no przetwarzaniu danych osobowych przez Wojew\u00f3dzki Fundusz Ochrony \u015arodowiska i Gospodarki Wodnej w Szczecinie<\/strong><\/p>\n<p>Zgodnie z art. 13 ust. 1 i 2 oraz art. 14 ust. 1 i 2 og\u00f3lnego rozporz\u0105dzenia o ochronie danych osobowych z dnia 27 kwietnia 2016 r. (Dz. Urz. UE L 119 z 04.05.2016) informujemy, i\u017c:<\/p>\n<ol>\n<li>Administratorem danych osobowych jest Wojew\u00f3dzki Fundusz Ochrony \u015arodowiska i Gospodarki Wodnej w Szczecinie z siedzib\u0105 w Szczecinie, ul. Solskiego 3, 71-323 Szczecin.<\/li>\n<li>Istnieje mo\u017cliwo\u015b\u0107 kontaktu z inspektorem ochrony danych poprzez adres\u00a0 e-mail:\u00a0<a href=\"mailto:iod@wfos.szczecin.pl\">iod@wfos.szczecin.pl<\/a>.<\/li>\n<li>Dane osobowe przetwarzane b\u0119d\u0105 w celu dokonania analizy z\u0142o\u017conego wniosku o dofinansowanie, w nast\u0119pstwie kt\u00f3rego mo\u017ce zosta\u0107 zawarta umowa o dofinansowanie, na podstawie art. 6 ust. 1 lit. b oraz lit. e \u00a0\u00a0og\u00f3lnego rozporz\u0105dzenia o ochronie danych osobowych z dnia 27 kwietnia 2016 r. oraz art. 400 a ust. 1 i art. 411 ustawy z dnia 27 kwietnia 2001 r. Prawo ochrony \u015brodowiska (t.j. Dz. U. 2018 r. poz.799 z p\u00f3\u017an. zm.).<\/li>\n<li>Zebrane dane osobowe mog\u0105 by\u0107 udost\u0119pniane podmiotom wykonuj\u0105cym czynno\u015bci prawne, kontrolne, egzekucyjne oraz serwisowe na rzecz Wojew\u00f3dzkiego Funduszu Ochrony \u015arodowiska i Gospodarki Wodnej w Szczecinie z siedzib\u0105 w\u00a0 Szczecinie.<\/li>\n<li>Dane osobowe nie b\u0119d\u0105 przekazywane do pa\u0144stwa trzeciego\/ organizacji mi\u0119dzynarodowej.<\/li>\n<li>Dane osobowe nie b\u0119d\u0105 przetwarzane w spos\u00f3b zautomatyzowany, w tym r\u00f3wnie\u017c w formie profilowania.<\/li>\n<li>Dane osobowe przetwarzane przez WFO\u015aiGW w Szczecinie\u00a0 przechowywane b\u0119d\u0105 przez okres niezb\u0119dny do realizacji celu dla jakiego zosta\u0142y zebrane, zgodnie z obowi\u0105zuj\u0105cym w WFO\u015aiGW w Szczecinie \u00a0jednolitym rzeczowym wykazem akt.<\/li>\n<li>Osobie, kt\u00f3rej dane s\u0105 przetwarzane przys\u0142uguje prawo dost\u0119pu do tre\u015bci swoich danych oraz prawo ich sprostowania, usuni\u0119cia, ograniczenia przetwarzania, prawo do przenoszenia danych, prawo wniesienia sprzeciwu, prawo do cofni\u0119cia zgody w dowolnym momencie bez wp\u0142ywu na zgodno\u015b\u0107 z prawem przetwarzania, kt\u00f3rego dokonano na podstawie zgody przed jej cofni\u0119ciem.<\/li>\n<li>Osoby, kt\u00f3rych dane s\u0105 przetwarzane maj\u0105 prawo wniesienia skargi do organu nadzorczego na niezgodne z RODO przetwarzanie danych osobowych przez WFO\u015aiGW w Szczecinie. Organem w\u0142a\u015bciwym dla ww. skargi jest:<br \/>\n<em>Urz\u0105d Ochrony Danych Osobowych,<\/em><em>\u00a0Warszawa<\/em><\/li>\n<li>Podanie danych osobowych jest warunkiem koniecznym do rozpatrzenia wniosku o dofinansowanie, a nast\u0119pnie zawarcia i realizacji umowy. Konsekwencj\u0105 niepodania danych osobowych b\u0119dzie brak mo\u017cliwo\u015bci z\u0142o\u017cenia do WFO\u015aiGW w Szczecinie wniosku o dofinansowanie.<\/li>\n<\/ol>\n","protected":false},"excerpt":{"rendered":"<p>Klauzula informacyjna o przetwarzaniu danych osobowych przez Wojew\u00f3dzki Fundusz Ochrony \u015arodowiska i Gospodarki Wodnej w Szczecinie Zgodnie z art. 13 ust. 1 i 2 oraz art. 14 ust. 1 i 2 og\u00f3lnego rozporz\u0105dzenia o ochronie danych osobowych z dnia 27 kwietnia 2016 r. (Dz. Urz. UE L 119 z 04.05.2016) informujemy, i\u017c: Administratorem danych osobowych jest Wojew\u00f3dzki Fundusz Ochrony \u015arodowiska&#46;&#46;&#46;<\/p>\n","protected":false},"author":3,"featured_media":0,"parent":0,"template":"","class_list":["post-245","bip","type-bip","status-publish","hentry","type-page"],"yoast_head":"<!-- This site is optimized with the Yoast SEO plugin v27.3 - https:\/\/yoast.com\/product\/yoast-seo-wordpress\/ -->\n<title>Klauzula informacyjna dla beneficjent\u00f3w - osoby prawne - WFOS<\/title>\n<meta name=\"robots\" content=\"index, follow, max-snippet:-1, max-image-preview:large, max-video-preview:-1\" \/>\n<link rel=\"canonical\" href=\"https:\/\/archiwum.wfos.szczecin.pl\/bip\/?bip=klauzula-informacyjna-dla-beneficjentow-osoby-prawne\" \/>\n<meta property=\"og:locale\" content=\"pl_PL\" \/>\n<meta property=\"og:type\" content=\"article\" \/>\n<meta property=\"og:title\" content=\"Klauzula informacyjna dla beneficjent\u00f3w - osoby prawne - WFOS\" \/>\n<meta property=\"og:description\" content=\"Klauzula informacyjna o przetwarzaniu danych osobowych przez Wojew\u00f3dzki Fundusz Ochrony \u015arodowiska i Gospodarki Wodnej w Szczecinie Zgodnie z art. 13 ust. 1 i 2 oraz art. 14 ust. 1 i 2 og\u00f3lnego rozporz\u0105dzenia o ochronie danych osobowych z dnia 27 kwietnia 2016 r. (Dz. Urz. UE L 119 z 04.05.2016) informujemy, i\u017c: Administratorem danych osobowych jest Wojew\u00f3dzki Fundusz Ochrony \u015arodowiska&#046;&#046;&#046;\" \/>\n<meta property=\"og:url\" content=\"https:\/\/archiwum.wfos.szczecin.pl\/bip\/?bip=klauzula-informacyjna-dla-beneficjentow-osoby-prawne\" \/>\n<meta property=\"og:site_name\" content=\"WFOS\" \/>\n<meta property=\"article:modified_time\" content=\"2025-07-18T10:14:30+00:00\" \/>\n<meta name=\"twitter:card\" content=\"summary_large_image\" \/>\n<meta name=\"twitter:label1\" content=\"Szacowany czas czytania\" \/>\n\t<meta name=\"twitter:data1\" content=\"2 minuty\" \/>\n<script type=\"application\/ld+json\" class=\"yoast-schema-graph\">{\"@context\":\"https:\\\/\\\/schema.org\",\"@graph\":[{\"@type\":\"WebPage\",\"@id\":\"https:\\\/\\\/archiwum.wfos.szczecin.pl\\\/bip\\\/?bip=klauzula-informacyjna-dla-beneficjentow-osoby-prawne\",\"url\":\"https:\\\/\\\/archiwum.wfos.szczecin.pl\\\/bip\\\/?bip=klauzula-informacyjna-dla-beneficjentow-osoby-prawne\",\"name\":\"Klauzula informacyjna dla beneficjent\u00f3w - osoby prawne - WFOS\",\"isPartOf\":{\"@id\":\"https:\\\/\\\/archiwum.wfos.szczecin.pl\\\/bip\\\/#website\"},\"datePublished\":\"2019-04-01T08:00:00+00:00\",\"dateModified\":\"2025-07-18T10:14:30+00:00\",\"breadcrumb\":{\"@id\":\"https:\\\/\\\/archiwum.wfos.szczecin.pl\\\/bip\\\/?bip=klauzula-informacyjna-dla-beneficjentow-osoby-prawne#breadcrumb\"},\"inLanguage\":\"pl-PL\",\"potentialAction\":[{\"@type\":\"ReadAction\",\"target\":[\"https:\\\/\\\/archiwum.wfos.szczecin.pl\\\/bip\\\/?bip=klauzula-informacyjna-dla-beneficjentow-osoby-prawne\"]}]},{\"@type\":\"BreadcrumbList\",\"@id\":\"https:\\\/\\\/archiwum.wfos.szczecin.pl\\\/bip\\\/?bip=klauzula-informacyjna-dla-beneficjentow-osoby-prawne#breadcrumb\",\"itemListElement\":[{\"@type\":\"ListItem\",\"position\":1,\"name\":\"Strona g\u0142\u00f3wna\",\"item\":\"https:\\\/\\\/archiwum.wfos.szczecin.pl\\\/bip\\\/\"},{\"@type\":\"ListItem\",\"position\":2,\"name\":\"Strony BIP\",\"item\":\"https:\\\/\\\/archiwum.wfos.szczecin.pl\\\/bip\\\/?post_type=bip\"},{\"@type\":\"ListItem\",\"position\":3,\"name\":\"Klauzula informacyjna dla beneficjent\u00f3w &#8211; osoby prawne\"}]},{\"@type\":\"WebSite\",\"@id\":\"https:\\\/\\\/archiwum.wfos.szczecin.pl\\\/bip\\\/#website\",\"url\":\"https:\\\/\\\/archiwum.wfos.szczecin.pl\\\/bip\\\/\",\"name\":\"WFOS\",\"description\":\"Strona BIP\",\"publisher\":{\"@id\":\"https:\\\/\\\/archiwum.wfos.szczecin.pl\\\/bip\\\/#organization\"},\"potentialAction\":[{\"@type\":\"SearchAction\",\"target\":{\"@type\":\"EntryPoint\",\"urlTemplate\":\"https:\\\/\\\/archiwum.wfos.szczecin.pl\\\/bip\\\/?s={search_term_string}\"},\"query-input\":{\"@type\":\"PropertyValueSpecification\",\"valueRequired\":true,\"valueName\":\"search_term_string\"}}],\"inLanguage\":\"pl-PL\"},{\"@type\":\"Organization\",\"@id\":\"https:\\\/\\\/archiwum.wfos.szczecin.pl\\\/bip\\\/#organization\",\"name\":\"WFOS\",\"url\":\"https:\\\/\\\/archiwum.wfos.szczecin.pl\\\/bip\\\/\",\"logo\":{\"@type\":\"ImageObject\",\"inLanguage\":\"pl-PL\",\"@id\":\"https:\\\/\\\/archiwum.wfos.szczecin.pl\\\/bip\\\/#\\\/schema\\\/logo\\\/image\\\/\",\"url\":\"https:\\\/\\\/archiwum.wfos.szczecin.pl\\\/bip\\\/wp-content\\\/uploads\\\/2022\\\/12\\\/cropped-logo.png\",\"contentUrl\":\"https:\\\/\\\/archiwum.wfos.szczecin.pl\\\/bip\\\/wp-content\\\/uploads\\\/2022\\\/12\\\/cropped-logo.png\",\"width\":892,\"height\":293,\"caption\":\"WFOS\"},\"image\":{\"@id\":\"https:\\\/\\\/archiwum.wfos.szczecin.pl\\\/bip\\\/#\\\/schema\\\/logo\\\/image\\\/\"}}]}<\/script>\n<!-- \/ Yoast SEO plugin. -->","yoast_head_json":{"title":"Klauzula informacyjna dla beneficjent\u00f3w - osoby prawne - WFOS","robots":{"index":"index","follow":"follow","max-snippet":"max-snippet:-1","max-image-preview":"max-image-preview:large","max-video-preview":"max-video-preview:-1"},"canonical":"https:\/\/archiwum.wfos.szczecin.pl\/bip\/?bip=klauzula-informacyjna-dla-beneficjentow-osoby-prawne","og_locale":"pl_PL","og_type":"article","og_title":"Klauzula informacyjna dla beneficjent\u00f3w - osoby prawne - WFOS","og_description":"Klauzula informacyjna o przetwarzaniu danych osobowych przez Wojew\u00f3dzki Fundusz Ochrony \u015arodowiska i Gospodarki Wodnej w Szczecinie Zgodnie z art. 13 ust. 1 i 2 oraz art. 14 ust. 1 i 2 og\u00f3lnego rozporz\u0105dzenia o ochronie danych osobowych z dnia 27 kwietnia 2016 r. (Dz. Urz. UE L 119 z 04.05.2016) informujemy, i\u017c: Administratorem danych osobowych jest Wojew\u00f3dzki Fundusz Ochrony \u015arodowiska&#46;&#46;&#46;","og_url":"https:\/\/archiwum.wfos.szczecin.pl\/bip\/?bip=klauzula-informacyjna-dla-beneficjentow-osoby-prawne","og_site_name":"WFOS","article_modified_time":"2025-07-18T10:14:30+00:00","twitter_card":"summary_large_image","twitter_misc":{"Szacowany czas czytania":"2 minuty"},"schema":{"@context":"https:\/\/schema.org","@graph":[{"@type":"WebPage","@id":"https:\/\/archiwum.wfos.szczecin.pl\/bip\/?bip=klauzula-informacyjna-dla-beneficjentow-osoby-prawne","url":"https:\/\/archiwum.wfos.szczecin.pl\/bip\/?bip=klauzula-informacyjna-dla-beneficjentow-osoby-prawne","name":"Klauzula informacyjna dla beneficjent\u00f3w - osoby prawne - WFOS","isPartOf":{"@id":"https:\/\/archiwum.wfos.szczecin.pl\/bip\/#website"},"datePublished":"2019-04-01T08:00:00+00:00","dateModified":"2025-07-18T10:14:30+00:00","breadcrumb":{"@id":"https:\/\/archiwum.wfos.szczecin.pl\/bip\/?bip=klauzula-informacyjna-dla-beneficjentow-osoby-prawne#breadcrumb"},"inLanguage":"pl-PL","potentialAction":[{"@type":"ReadAction","target":["https:\/\/archiwum.wfos.szczecin.pl\/bip\/?bip=klauzula-informacyjna-dla-beneficjentow-osoby-prawne"]}]},{"@type":"BreadcrumbList","@id":"https:\/\/archiwum.wfos.szczecin.pl\/bip\/?bip=klauzula-informacyjna-dla-beneficjentow-osoby-prawne#breadcrumb","itemListElement":[{"@type":"ListItem","position":1,"name":"Strona g\u0142\u00f3wna","item":"https:\/\/archiwum.wfos.szczecin.pl\/bip\/"},{"@type":"ListItem","position":2,"name":"Strony BIP","item":"https:\/\/archiwum.wfos.szczecin.pl\/bip\/?post_type=bip"},{"@type":"ListItem","position":3,"name":"Klauzula informacyjna dla beneficjent\u00f3w &#8211; osoby prawne"}]},{"@type":"WebSite","@id":"https:\/\/archiwum.wfos.szczecin.pl\/bip\/#website","url":"https:\/\/archiwum.wfos.szczecin.pl\/bip\/","name":"WFOS","description":"Strona BIP","publisher":{"@id":"https:\/\/archiwum.wfos.szczecin.pl\/bip\/#organization"},"potentialAction":[{"@type":"SearchAction","target":{"@type":"EntryPoint","urlTemplate":"https:\/\/archiwum.wfos.szczecin.pl\/bip\/?s={search_term_string}"},"query-input":{"@type":"PropertyValueSpecification","valueRequired":true,"valueName":"search_term_string"}}],"inLanguage":"pl-PL"},{"@type":"Organization","@id":"https:\/\/archiwum.wfos.szczecin.pl\/bip\/#organization","name":"WFOS","url":"https:\/\/archiwum.wfos.szczecin.pl\/bip\/","logo":{"@type":"ImageObject","inLanguage":"pl-PL","@id":"https:\/\/archiwum.wfos.szczecin.pl\/bip\/#\/schema\/logo\/image\/","url":"https:\/\/archiwum.wfos.szczecin.pl\/bip\/wp-content\/uploads\/2022\/12\/cropped-logo.png","contentUrl":"https:\/\/archiwum.wfos.szczecin.pl\/bip\/wp-content\/uploads\/2022\/12\/cropped-logo.png","width":892,"height":293,"caption":"WFOS"},"image":{"@id":"https:\/\/archiwum.wfos.szczecin.pl\/bip\/#\/schema\/logo\/image\/"}}]}},"_links":{"self":[{"href":"https:\/\/archiwum.wfos.szczecin.pl\/bip\/index.php?rest_route=\/wp\/v2\/bip\/245","targetHints":{"allow":["GET"]}}],"collection":[{"href":"https:\/\/archiwum.wfos.szczecin.pl\/bip\/index.php?rest_route=\/wp\/v2\/bip"}],"about":[{"href":"https:\/\/archiwum.wfos.szczecin.pl\/bip\/index.php?rest_route=\/wp\/v2\/types\/bip"}],"author":[{"embeddable":true,"href":"https:\/\/archiwum.wfos.szczecin.pl\/bip\/index.php?rest_route=\/wp\/v2\/users\/3"}],"version-history":[{"count":2,"href":"https:\/\/archiwum.wfos.szczecin.pl\/bip\/index.php?rest_route=\/wp\/v2\/bip\/245\/revisions"}],"predecessor-version":[{"id":1733,"href":"https:\/\/archiwum.wfos.szczecin.pl\/bip\/index.php?rest_route=\/wp\/v2\/bip\/245\/revisions\/1733"}],"wp:attachment":[{"href":"https:\/\/archiwum.wfos.szczecin.pl\/bip\/index.php?rest_route=%2Fwp%2Fv2%2Fmedia&parent=245"}],"curies":[{"name":"wp","href":"https:\/\/api.w.org\/{rel}","templated":true}]}}