{"id":79,"date":"2019-04-01T08:00:00","date_gmt":"2019-04-01T08:00:00","guid":{"rendered":"http:\/\/wfos.logicnet.pl\/bip\/?post_type=bip&#038;p=79"},"modified":"2026-04-16T13:13:30","modified_gmt":"2026-04-16T11:13:30","slug":"kontakty","status":"publish","type":"bip","link":"https:\/\/archiwum.wfos.szczecin.pl\/bip\/?bip=kontakty","title":{"rendered":"Kontakty"},"content":{"rendered":"<table>\n<tbody>\n<tr class=\"team\">\n<td colspan=\"6\">Zarz\u0105d<\/td>\n<\/tr>\n<tr class=\"office\">\n<td colspan=\"6\">Biuro Szczecin, ul. Solskiego 3, Szczecin, tel. <strong>91 48-55-100<\/strong><\/td>\n<\/tr>\n<tr class=\"contact\">\n<td class=\"name\">Waldemar Mi\u015bko<\/td>\n<td class=\"position\">Prezes Zarz\u0105du<\/td>\n<td class=\"email\">zarzad@wfos.szczecin.pl<\/td>\n<td class=\"phone\"><\/td>\n<\/tr>\n<tr class=\"contact\">\n<td class=\"name\">Marcin Zamaro<\/td>\n<td class=\"position\">Zast\u0119pca Prezesa Zarz\u0105du<\/td>\n<td class=\"email\">zarzad@wfos.szczecin.pl<\/td>\n<td class=\"phone\"><\/td>\n<\/tr>\n<tr class=\"team\">\n<td colspan=\"6\">Dyrektor Funduszu<\/td>\n<\/tr>\n<tr class=\"office\">\n<td colspan=\"6\">Biuro Koszalin, ul. Zwyci\u0119stwa 111, Koszalin, tel. <strong>91 48-55-100<\/strong><\/td>\n<\/tr>\n<tr class=\"contact\">\n<td class=\"name\">Karol Popiel<\/td>\n<td class=\"position\">p.o. Dyrektor Biura Funduszu w Koszalinie<\/td>\n<td class=\"email\">karol.popiel@wfos.szczecin.pl<\/td>\n<td class=\"phone\"><\/td>\n<\/tr>\n<tr class=\"contact\">\n<td class=\"name\">Jadwiga Gancarz<\/td>\n<td class=\"position\">Zast\u0119pca Dyrektora Biura Funduszu w Koszalinie<\/td>\n<td class=\"email\">jadwiga.gancarz@wfos.szczecin.pl<\/td>\n<td class=\"phone\"><\/td>\n<\/tr>\n<tr class=\"team\">\n<td colspan=\"6\">Zesp\u00f3\u0142 ds. Finansowo-Ksi\u0119gowych, tel. <strong>91 48-55-100<\/strong><\/td>\n<\/tr>\n<tr class=\"contact\">\n<td class=\"name\">Witold Maziarczyk<\/td>\n<td class=\"position\">G\u0142\u00f3wny Ksi\u0119gowy<\/td>\n<td class=\"email\">witold.maziarczyk@wfos.szczecin.pl<\/td>\n<td class=\"phone\"><\/td>\n<\/tr>\n<tr class=\"contact\">\n<td class=\"name\">Agnieszka Brodzi\u0144ska<\/td>\n<td class=\"position\">Zast\u0119pca G\u0142\u00f3wnego Ksi\u0119gowego<\/td>\n<td class=\"email\">agnieszka.brodzinska@wfos.szczecin.pl<\/td>\n<td class=\"phone\"><\/td>\n<\/tr>\n<tr class=\"contact\">\n<td class=\"name\">Anna Rapalska-\u0141ojko<\/td>\n<td class=\"position\">Specjalista ds. Ekonomiczno-Finansowych<\/td>\n<td class=\"email\">anna.rapalska@wfos.szczecin.pl<\/td>\n<td class=\"phone\"><\/td>\n<\/tr>\n<tr class=\"contact\">\n<td class=\"name\">Brygida Rogiewicz<\/td>\n<td class=\"position\">Specjalista ds. Ekonomiczno-Finansowych<\/td>\n<td class=\"email\">brygida.rogiewicz@wfos.szczecin.pl<\/td>\n<td class=\"phone\"><\/td>\n<\/tr>\n<tr class=\"contact\">\n<td class=\"name\">Anna Janus<\/td>\n<td class=\"position\">Specjalista ds. Ekonomiczno-Finansowych<\/td>\n<td class=\"email\">anna.janus@wfos.szczecin.pl<\/td>\n<td class=\"phone\"><\/td>\n<\/tr>\n<tr class=\"team\">\n<td colspan=\"6\">Zesp\u00f3\u0142 ds. Kadr i Obs\u0142ugi Zarz\u0105du<\/td>\n<\/tr>\n<tr class=\"contact\">\n<td class=\"name\">Joanna Szubert<\/td>\n<td class=\"position\">Samodzielne Stanowisko ds. Obs\u0142ugi Zarz\u0105du, Rady Nadzorczej i Kadr<\/td>\n<td class=\"email\">joanna.szubert@wfos.szczecin.pl<\/td>\n<td class=\"phone\"><\/td>\n<\/tr>\n<tr class=\"team\">\n<td colspan=\"6\">Samodzielne Stanowisko ds. Kontroli Wewn\u0119trznej, Kontroli Zarz\u0105dczej i Audytu<\/td>\n<\/tr>\n<tr class=\"contact\">\n<td class=\"name\">Olga Bukowska<\/td>\n<td class=\"position\">Samodzielne Stanowisko ds. Kontroli Wewn\u0119trznej, Kontroli Zarz\u0105dczej i Audytu<\/td>\n<td class=\"email\">olga.bukowska@wfos.szczecin.pl<\/td>\n<td class=\"phone\"><\/td>\n<\/tr>\n<tr class=\"team\">\n<td colspan=\"6\">Samodzielne Stanowiska \u2013 Operatorzy<\/td>\n<\/tr>\n<tr class=\"contact\">\n<td class=\"name\">El\u017cbieta Pietras<\/td>\n<td class=\"position\">Samodzielne stanowisko \u2013 Operator<\/td>\n<td class=\"email\">elzbieta.pietras@wfos.szczecin.pl<\/td>\n<td class=\"phone\"><\/td>\n<\/tr>\n<tr class=\"contact\">\n<td class=\"name\">Mariusz Wilawer<\/td>\n<td class=\"position\">Samodzielne stanowisko \u2013 Operator<\/td>\n<td class=\"email\">mariusz.wilawer@wfos.szczecin.pl<\/td>\n<td class=\"phone\"><\/td>\n<\/tr>\n<tr class=\"team\">\n<td colspan=\"6\">Zesp\u00f3\u0142 ds. Obs\u0142ugi Wniosk\u00f3w (Biuro Szczecin)<\/td>\n<\/tr>\n<tr class=\"office\">\n<td colspan=\"6\">Biuro Szczecin, ul. Solskiego 3, Szczecin, tel. <strong>91 48-55-100<\/strong><\/td>\n<\/tr>\n<tr class=\"contact\">\n<td class=\"name\">Sebastian Kaczmarek<\/td>\n<td class=\"position\">Kierownik Zespo\u0142u ds. Obs\u0142ugi Wniosk\u00f3w<\/td>\n<td class=\"email\">sebastian.kaczmarek@wfos.szczecin.pl<\/td>\n<td class=\"phone\"><\/td>\n<\/tr>\n<tr class=\"contact\">\n<td class=\"name\">Agnieszka Zieli\u0144ska &#8211; Maci\u0105g<\/td>\n<td class=\"position\">Zast\u0119pca Kierownika Zespo\u0142u ds. Obs\u0142ugi Wniosk\u00f3w<\/td>\n<td class=\"email\">agnieszka.zielinska@wfos.szczecin.pl<\/td>\n<td class=\"phone\"><\/td>\n<\/tr>\n<tr class=\"contact\">\n<td class=\"name\">Joanna Buczek<\/td>\n<td class=\"position\">Specjalista ds. Ekonomiczno-Finansowych<\/td>\n<td class=\"email\">joanna.buczek@wfos.szczecin.pl<\/td>\n<td class=\"phone\"><\/td>\n<\/tr>\n<tr class=\"contact\">\n<td class=\"name\">Olga Czerwi\u0144ska<\/td>\n<td class=\"position\">Specjalista ds. Ekonomiczno-Finansowych<\/td>\n<td class=\"email\">olga.czerwinska@wfos.szczecin.pl<\/td>\n<td class=\"phone\"><\/td>\n<\/tr>\n<tr class=\"contact\">\n<td class=\"name\">Stanis\u0142aw Figiel<\/td>\n<td class=\"position\">Specjalista ds. Ekonomiczno-Finansowych<\/td>\n<td class=\"email\">stanislaw.figiel@wfos.szczecin.pl<\/td>\n<td class=\"phone\"><\/td>\n<\/tr>\n<tr class=\"contact\">\n<td class=\"name\">Pawe\u0142 G\u00f3rny<\/td>\n<td class=\"position\">Specjalista ds. Techniczno-Bran\u017cowych<\/td>\n<td class=\"email\">pawel.gorny@wfos.szczecin.pl<\/td>\n<td class=\"phone\"><\/td>\n<\/tr>\n<tr class=\"contact\">\n<td class=\"name\">Piotr Grabarczyk<\/td>\n<td class=\"position\">Specjalista ds. Ekonomiczno-Finansowych<\/td>\n<td class=\"email\">piotr.grabarczyk@wfos.szczecin.pl<\/td>\n<td class=\"phone\"><\/td>\n<\/tr>\n<tr class=\"contact\">\n<td class=\"name\">Ewa Mazurek-Kapu\u015bci\u0144ska<\/td>\n<td class=\"position\">Specjalista ds. Ekonomiczno-Finansowych<\/td>\n<td class=\"email\">ewa.mazurek@wfos.szczecin.pl<\/td>\n<td class=\"phone\"><\/td>\n<\/tr>\n<tr class=\"contact\">\n<td class=\"name\">Sylwia Szarkowska<\/td>\n<td class=\"position\">Specjalista ds. Kontroli Um\u00f3w<\/td>\n<td class=\"email\">sylwia.szarkowska@wfos.szczecin.pl<\/td>\n<td class=\"phone\"><\/td>\n<\/tr>\n<tr class=\"contact\">\n<td class=\"name\">Aneta Wolska<\/td>\n<td class=\"position\">Specjalista ds. Ekonomiczno-Finansowych<\/td>\n<td class=\"email\">aneta.wolska@wfos.szczecin.pl<\/td>\n<td class=\"phone\"><\/td>\n<\/tr>\n<tr class=\"contact\">\n<td class=\"name\">Monika Kami\u0144ska-Kierzkowska<\/td>\n<td class=\"position\">Specjalista ds. Techniczno-Bran\u017cowych<\/td>\n<td class=\"email\">monika.kierzkowska@wfos.szczecin.pl<\/td>\n<td class=\"phone\"><\/td>\n<\/tr>\n<tr class=\"contact\">\n<td class=\"name\">Joanna Zapor-Pyci\u0144ska<\/td>\n<td class=\"position\">Specjalista ds. Techniczno-Bran\u017cowych<\/td>\n<td class=\"email\">joanna.pycinska@wfos.szczecin.pl<\/td>\n<td class=\"phone\"><\/td>\n<\/tr>\n<tr class=\"contact\">\n<td class=\"name\">Aleksandra Wojciechowska<\/td>\n<td class=\"position\">Specjalista ds. Techniczno-Bran\u017cowych<\/td>\n<td class=\"email\">aleksandra.wojciechowska@wfos.szczecin.pl<\/td>\n<td class=\"phone\"><\/td>\n<\/tr>\n<tr class=\"contact\">\n<td class=\"name\">Justyna Wawrzy\u0144czak-Czerwony<\/td>\n<td class=\"position\">Specjalista ds. Techniczno-Bran\u017cowych<\/td>\n<td class=\"email\">justyna.wawrzynczak@wfos.szczecin.pl<\/td>\n<td class=\"phone\"><\/td>\n<\/tr>\n<tr class=\"team\">\n<td colspan=\"6\">Zesp\u00f3\u0142 ds. Obs\u0142ugi Wniosk\u00f3w (Biuro Koszalin)<\/td>\n<\/tr>\n<tr class=\"office\">\n<td colspan=\"6\">Biuro Koszalin, ul. Zwyci\u0119stwa 111, Koszalin, tel. <strong>91 48-55-100<\/strong><\/td>\n<\/tr>\n<tr class=\"contact\">\n<td class=\"name\">Antoni Nied\u017awiecki<\/td>\n<td class=\"position\">Specjalista ds. Techniczno-Bran\u017cowych<\/td>\n<td class=\"email\">antoni.niedzwiecki@wfos.szczecin.pl<\/td>\n<td class=\"phone\"><\/td>\n<\/tr>\n<tr class=\"contact\">\n<td class=\"name\">Monika Anielska<\/td>\n<td class=\"position\">Specjalista ds. Ekonomiczno-Finansowych<\/td>\n<td class=\"email\">monika.anielska@wfos.szczecin.pl<\/td>\n<td class=\"phone\"><\/td>\n<\/tr>\n<tr class=\"contact\">\n<td class=\"name\">Emilia Jankiewicz<\/td>\n<td class=\"position\">Specjalista ds. Techniczno-Bran\u017cowych<\/td>\n<td class=\"email\">emilia.jankiewicz@wfos.szczecin.pl<\/td>\n<td class=\"phone\"><\/td>\n<\/tr>\n<tr class=\"contact\">\n<td class=\"name\">Gabriela Pi\u0105tkowska<\/td>\n<td class=\"position\">Specjalista ds. Techniczno-Bran\u017cowych<\/td>\n<td class=\"email\">gabriela.piatkowska@wfos.szczecin.pl<\/td>\n<td class=\"phone\"><\/td>\n<\/tr>\n<tr class=\"contact\">\n<td class=\"name\">Maciej Nieckarz<\/td>\n<td class=\"position\">Specjalista ds. Techniczno-Bran\u017cowych<\/td>\n<td class=\"email\">maciej.nieckarz@wfos.szczecin.pl<\/td>\n<td class=\"phone\"><\/td>\n<\/tr>\n<tr class=\"contact\">\n<td class=\"name\">Karolina Siwek<\/td>\n<td class=\"position\">Specjalista ds. Techniczno-Bran\u017cowych<\/td>\n<td class=\"email\">karolina.siwek@wfos.szczecin.pl<\/td>\n<td class=\"phone\"><\/td>\n<\/tr>\n<tr class=\"contact\">\n<td class=\"name\">Dorota Tamborska<\/td>\n<td class=\"position\">Specjalista ds. Ekonomiczno-Finansowych<\/td>\n<td class=\"email\">dorota.tamborska@wfos.szczecin.pl<\/td>\n<td class=\"phone\"><\/td>\n<\/tr>\n<tr class=\"contact\">\n<td class=\"name\">Ewa To\u0142\u0142oczko<\/td>\n<td class=\"position\">Specjalista ds. Ekonomiczno-Finansowych<\/td>\n<td class=\"email\">ewa.tolloczko@wfos.szczecin.pl<\/td>\n<td class=\"phone\"><\/td>\n<\/tr>\n<tr class=\"team\">\n<td colspan=\"6\">Zesp\u00f3\u0142 ds. Obs\u0142ugi Os\u00f3b Fizycznych (Biuro Szczecin)<\/td>\n<\/tr>\n<tr class=\"office\">\n<td colspan=\"6\">Biuro Szczecin, ul. Jagiello\u0144ska 32, Szczecin tel. <strong>91 48-55-100<\/strong><\/td>\n<\/tr>\n<tr class=\"contact\">\n<td class=\"name\">Beata Andrzejewska<\/td>\n<td class=\"position\">Kierownik Zespo\u0142u ds. Obs\u0142ugi Os\u00f3b Fizycznych<\/td>\n<td class=\"email\">beata.andrzejewska@wfos.szczecin.pl<\/td>\n<td class=\"phone\"><\/td>\n<\/tr>\n<tr class=\"contact\">\n<td class=\"name\">Dariusz Kielek<\/td>\n<td class=\"position\">Zast\u0119pca Kierownika ds. Obs\u0142ugi Os\u00f3b Fizycznych<\/td>\n<td class=\"email\">dariusz.kielek@wfos.szczecin.pl<\/td>\n<td class=\"phone\"><\/td>\n<\/tr>\n<tr class=\"contact\">\n<td class=\"name\">Magdalena Horniak<\/td>\n<td class=\"position\">Specjalista ds. Obs\u0142ugi Os\u00f3b Fizycznych<\/td>\n<td class=\"email\">magdalena.horniak@wfos.szczecin.pl<\/td>\n<td class=\"phone\"><\/td>\n<\/tr>\n<tr class=\"contact\">\n<td class=\"name\">Dorota Falendysz-Papajewska<\/td>\n<td class=\"position\">Specjalista ds. Kontroli<\/td>\n<td class=\"email\">dorota.falendysz@wfos.szczecin.pl<\/td>\n<td class=\"phone\"><\/td>\n<\/tr>\n<tr class=\"contact\">\n<td class=\"name\">Agata Jamrozik<\/td>\n<td class=\"position\">Specjalista ds. Obs\u0142ugi Os\u00f3b Fizycznych<\/td>\n<td class=\"email\">agata.jamrozik@wfos.szczecin.pl<\/td>\n<td class=\"phone\"><\/td>\n<\/tr>\n<tr class=\"contact\">\n<td class=\"name\">Ma\u0142gorzata Reszeta-Lechowicz<\/td>\n<td class=\"position\">Specjalista ds. Obs\u0142ugi Os\u00f3b Fizycznych<\/td>\n<td class=\"email\">malgorzata.reszeta@wfos.szczecin.pl<\/td>\n<td class=\"phone\"><\/td>\n<\/tr>\n<tr class=\"contact\">\n<td class=\"name\">El\u017cbieta Kotowska<\/td>\n<td class=\"position\">Specjalista ds. Obs\u0142ugi Os\u00f3b Fizycznych<\/td>\n<td class=\"email\">elzbieta.kotowska@wfos.szczecin.pl<\/td>\n<td class=\"phone\"><\/td>\n<\/tr>\n<tr class=\"contact\">\n<td class=\"name\">Ma\u0142gorzata \u0141ausz-Zboralska<\/td>\n<td class=\"position\">Specjalista ds. Obs\u0142ugi Os\u00f3b Fizycznych<\/td>\n<td class=\"email\">malgorzata.lausz@wfos.szczecin.pl<\/td>\n<td class=\"phone\"><\/td>\n<\/tr>\n<tr class=\"contact\">\n<td class=\"name\">Agnieszka Ristow<\/td>\n<td class=\"position\">Specjalista ds. Obs\u0142ugi Os\u00f3b Fizycznych<\/td>\n<td class=\"email\">agnieszka.ristow@wfos.szczecin.pl<\/td>\n<td class=\"phone\"><\/td>\n<\/tr>\n<tr class=\"contact\">\n<td class=\"name\">Ignacy Soczy\u0144ski<\/td>\n<td class=\"position\">Specjalista ds. Obs\u0142ugi Os\u00f3b Fizycznych<\/td>\n<td class=\"email\">ignacy.soczynski@wfos.szczecin.pl<\/td>\n<td class=\"phone\"><\/td>\n<\/tr>\n<tr class=\"contact\">\n<td class=\"name\">Maria Sadowska<\/td>\n<td class=\"position\">Specjalista ds. Obs\u0142ugi Os\u00f3b Fizycznych<\/td>\n<td class=\"email\">maria.sadowska@wfos.szczecin.pl<\/td>\n<td class=\"phone\"><\/td>\n<\/tr>\n<tr class=\"contact\">\n<td class=\"name\">Bart\u0142omiej Banaszek<\/td>\n<td class=\"position\">Specjalista ds. Obs\u0142ugi Os\u00f3b Fizycznych<\/td>\n<td class=\"email\">bartlomiej.banaszek@wfos.szczecin.pl<\/td>\n<td class=\"phone\"><\/td>\n<\/tr>\n<tr class=\"contact\">\n<td class=\"name\">Honorata Ksi\u0119\u017copolska<\/td>\n<td class=\"position\">Specjalista ds. Obs\u0142ugi Os\u00f3b Fizycznych<\/td>\n<td class=\"email\">honorata.ksiezopolska@wfos.szczecin.pl<\/td>\n<td class=\"phone\"><\/td>\n<\/tr>\n<tr class=\"contact\">\n<td class=\"name\">Iwona Zar\u0119ba-Solich<\/td>\n<td class=\"position\">Specjalista ds. Obs\u0142ugi Os\u00f3b Fizycznych<\/td>\n<td class=\"email\">iwona.zareba@wfos.szczecin.pl<\/td>\n<td class=\"phone\"><\/td>\n<\/tr>\n<tr class=\"contact\">\n<td class=\"name\">Anna Kry\u015bkowiak-Gzyl<\/td>\n<td class=\"position\">Specjalista ds. Obs\u0142ugi Os\u00f3b Fizycznych<\/td>\n<td class=\"email\">anna.gzyl@wfos.szczecin.pl<\/td>\n<td class=\"phone\"><\/td>\n<\/tr>\n<tr class=\"contact\">\n<td class=\"name\">Robert Ko\u0142odziejczyk<\/td>\n<td class=\"position\">Specjalista ds. Obs\u0142ugi Os\u00f3b Fizycznych<\/td>\n<td class=\"email\">robert.kolodziejczyk@wfos.szczecin.pl<\/td>\n<td class=\"phone\"><\/td>\n<\/tr>\n<tr class=\"team\">\n<td colspan=\"6\">Zesp\u00f3\u0142 ds. Obs\u0142ugi Os\u00f3b Fizycznych (Biuro Koszalin)<\/td>\n<\/tr>\n<tr class=\"office\">\n<td colspan=\"6\">Biuro Koszalin, ul. Zwyci\u0119stwa 111, Koszalin, tel. <strong>91 48-55-100<\/strong><\/td>\n<\/tr>\n<tr class=\"contact\">\n<td class=\"name\">Katarzyna Bac\u0142awska<\/td>\n<td class=\"position\">p.o. Kierownik Zespo\u0142u ds. Obs\u0142ugi Os\u00f3b Fizycznych<\/td>\n<td class=\"email\">katarzyna.baclawska@wfos.szczecin.pl<\/td>\n<td class=\"phone\"><\/td>\n<\/tr>\n<tr class=\"contact\">\n<td class=\"name\">Inga Mi\u015bko<\/td>\n<td class=\"position\">Zast\u0119pca Kierownika ds. Obs\u0142ugi Os\u00f3b Fizycznych<\/td>\n<td class=\"email\">inga.misko@wfos.szczecin.pl<\/td>\n<td class=\"phone\"><\/td>\n<\/tr>\n<tr class=\"contact\">\n<td class=\"name\">Aleksandra Butrym<\/td>\n<td class=\"position\">Specjalista ds. Obs\u0142ugi Os\u00f3b Fizycznych<\/td>\n<td class=\"email\">aleksandra.butrym@wfos.szczecin.pl<\/td>\n<td class=\"phone\"><\/td>\n<\/tr>\n<tr class=\"contact\">\n<td class=\"name\">Monika Witczak<\/td>\n<td class=\"position\">Specjalista ds. Obs\u0142ugi Os\u00f3b Fizycznych<\/td>\n<td class=\"email\">monika.witczak@wfos.szczecin.pl<\/td>\n<td class=\"phone\"><\/td>\n<\/tr>\n<tr class=\"contact\">\n<td class=\"name\">Marcin Pawlak<\/td>\n<td class=\"position\">Specjalista ds. Obs\u0142ugi Os\u00f3b Fizycznych<\/td>\n<td class=\"email\">marcin.pawlak@wfos.szczecin.pl<\/td>\n<td class=\"phone\"><\/td>\n<\/tr>\n<tr class=\"contact\">\n<td class=\"name\">Monika Koz\u0142owska<\/td>\n<td class=\"position\">Specjalista ds. Obs\u0142ugi Os\u00f3b Fizycznych<\/td>\n<td class=\"email\">monika.kozlowska@wfos.szczecin.pl<\/td>\n<td class=\"phone\"><\/td>\n<\/tr>\n<tr class=\"contact\">\n<td class=\"name\">Aleksandra Strza\u0142kowska<\/td>\n<td class=\"position\">Specjalista ds. Obs\u0142ugi Os\u00f3b Fizycznych<\/td>\n<td class=\"email\">aleksandra.strzalkowska@wfos.szczecin.pl<\/td>\n<td class=\"phone\"><\/td>\n<\/tr>\n<tr class=\"contact\">\n<td class=\"name\">Piotr Janiak<\/td>\n<td class=\"position\">Specjalista ds. Kontroli<\/td>\n<td class=\"email\">piotr.janiak@wfos.szczecin.pl<\/td>\n<td class=\"phone\"><\/td>\n<\/tr>\n<tr class=\"contact\">\n<td class=\"name\">\u0141ukasz Wojciechowski<\/td>\n<td class=\"position\">Specjalista ds. Obs\u0142ugi Os\u00f3b Fizycznych<\/td>\n<td class=\"email\">lukasz.wojciechowski@wfos.szczecin.pl<\/td>\n<td class=\"phone\"><\/td>\n<\/tr>\n<tr class=\"contact\">\n<td class=\"name\">Katarzyna Szewczyk<\/td>\n<td class=\"position\">Specjalista ds. Obs\u0142ugi Os\u00f3b Fizycznych<\/td>\n<td class=\"email\">katarzyna.szewczyk@wfos.szczecin.pl<\/td>\n<td class=\"phone\"><\/td>\n<\/tr>\n<tr class=\"team\">\n<td colspan=\"6\">Punkt Obs\u0142ugi Os\u00f3b Fizycznych w Szczecinku &#8211; <b>PUNKT NIECZYNNY<\/b><\/td>\n<\/tr>\n<tr class=\"office\">\n<td colspan=\"6\">pl. Wolno\u015bci 8, Szczecinek, tel. <strong>91 48-55-100<\/strong><\/td>\n<\/tr>\n<tr class=\"contact\">\n<td class=\"name\">Magdalena Strzelec<\/td>\n<td class=\"position\">Specjalista ds. Obs\u0142ugi Os\u00f3b Fizycznych<\/td>\n<td class=\"email\">magdalena.strzelec@wfos.szczecin.pl<\/td>\n<td class=\"phone\"><\/td>\n<\/tr>\n<tr class=\"team\">\n<td colspan=\"6\">Zesp\u00f3\u0142 ds. Organizacyjnych<\/td>\n<\/tr>\n<tr class=\"office\">\n<td colspan=\"6\">Biuro Szczecin, ul. Solskiego 3, Szczecin, tel. <strong>91 48-55-100<\/strong><\/td>\n<\/tr>\n<tr class=\"contact\">\n<td class=\"name\">Jacek Liwak<\/td>\n<td class=\"position\">Kierownik Zespo\u0142u ds. Organizacyjnych<\/td>\n<td class=\"email\">jacek.liwak@wfos.szczecin.pl<\/td>\n<td class=\"phone\"><\/td>\n<\/tr>\n<tr class=\"contact\">\n<td class=\"name\">Magdalena Majewska<\/td>\n<td class=\"position\">Zast\u0119pca Kierownika Zespo\u0142u ds. Organizacyjnych<\/td>\n<td class=\"email\">magdalena.majewska@wfos.szczecin.pl<\/td>\n<td class=\"phone\"><\/td>\n<\/tr>\n<tr class=\"contact\">\n<td class=\"name\">Karolina Tomaszewska<\/td>\n<td class=\"position\">Specjalista ds. Obs\u0142ugi Sekretariatu<\/td>\n<td class=\"email\">karolina.tomaszewska@wfos.szczecin.pl<\/td>\n<td class=\"phone\"><\/td>\n<\/tr>\n<tr class=\"contact\">\n<td class=\"name\">Katarzyna Maliszewska-Ganszczyk<\/td>\n<td class=\"position\">Specjalista ds. Organizacyjnych<\/td>\n<td class=\"email\">katarzyna.maliszewska@wfos.szczecin.pl<\/td>\n<td class=\"phone\"><\/td>\n<\/tr>\n<tr class=\"contact\">\n<td class=\"name\">Beata Czerska<\/td>\n<td class=\"position\">Specjalista ds. Organizacyjnych<\/td>\n<td class=\"email\">beata.czerska@wfos.szczecin.pl<\/td>\n<td class=\"phone\"><\/td>\n<\/tr>\n<tr class=\"contact\">\n<td class=\"name\">Kinga Romianowska<\/td>\n<td class=\"position\">Specjalista ds. Organizacyjnych<\/td>\n<td class=\"email\">kinga.romianowska@wfos.szczecin.pl<\/td>\n<td class=\"phone\"><\/td>\n<\/tr>\n<tr class=\"contact\">\n<td class=\"name\">Konrad Kupi\u0144ski<\/td>\n<td class=\"position\">Specjalista ds. Organizacyjnych<\/td>\n<td class=\"email\">konrad.kupinski@wfos.szczecin.pl<\/td>\n<td class=\"phone\"><\/td>\n<\/tr>\n<tr class=\"office\">\n<td colspan=\"6\">Biuro Koszalin, ul. Zwyci\u0119stwa 111, Koszalin, tel. <strong>91 48-55-100<\/strong><\/td>\n<\/tr>\n<tr class=\"contact\">\n<td class=\"name\">Ewa Wielgosz<\/td>\n<td class=\"position\">Specjalista ds. Obs\u0142ugi Sekretariatu<\/td>\n<td class=\"email\">ewa.wielgosz@wfos.szczecin.pl<\/td>\n<td class=\"phone\"><\/td>\n<\/tr>\n<tr class=\"team\">\n<td colspan=\"6\">Zesp\u00f3\u0142 ds. Informatycznych<\/td>\n<\/tr>\n<tr class=\"office\">\n<td colspan=\"6\">Biuro Szczecin, ul. Solskiego 3, Szczecin, tel. <strong>91 48-55-100<\/strong><\/td>\n<\/tr>\n<tr class=\"contact\">\n<td class=\"name\">Przemys\u0142aw Targowski<\/td>\n<td class=\"position\">Kierownik Zespo\u0142u ds. Informatycznych<\/td>\n<td class=\"email\">przemyslaw.targowski@wfos.szczecin.pl<\/td>\n<td class=\"phone\"><\/td>\n<\/tr>\n<tr class=\"contact\">\n<td class=\"name\">Przemys\u0142aw S\u0142owik<\/td>\n<td class=\"position\">Zast\u0119pca Kierownika Zespo\u0142u ds. Informatycznych<\/td>\n<td class=\"email\">przemyslaw.slowik@wfos.szczecin.pl<\/td>\n<td class=\"phone\"><\/td>\n<\/tr>\n<tr class=\"contact\">\n<td class=\"name\">Rados\u0142aw Nadolnik<\/td>\n<td class=\"position\">Informatyk &#8211; Administrator System\u00f3w Informatycznych<\/td>\n<td class=\"email\">radoslaw.nadolnik@wfos.szczecin.pl<\/td>\n<td class=\"phone\"><\/td>\n<\/tr>\n<tr class=\"contact\">\n<td class=\"name\">\u0141ukasz Stolarczyk<\/td>\n<td class=\"position\">Informatyk &#8211; Administrator System\u00f3w Informatycznych<\/td>\n<td class=\"email\">lukasz.stolarczyk@wfos.szczecin.pl<\/td>\n<td class=\"phone\"><\/td>\n<\/tr>\n<tr class=\"contact\">\n<td class=\"name\">Izabela Stefanowska<\/td>\n<td class=\"position\">Specjalista ds. Raportowania i Analiz<\/td>\n<td class=\"email\">izabela.stefanowska@wfos.szczecin.pl<\/td>\n<td class=\"phone\"><\/td>\n<\/tr>\n<tr class=\"team\">\n<td colspan=\"6\">Zesp\u00f3\u0142 ds. Doradztwa Energetycznego<\/td>\n<\/tr>\n<tr class=\"office\">\n<td colspan=\"6\">Biuro Szczecin, ul. Solskiego 3, Szczecin, tel. <strong>91 48-55-100<\/strong><\/td>\n<\/tr>\n<tr class=\"contact\">\n<td class=\"name\">Micha\u0142 Lidwin<\/td>\n<td class=\"position\">Doradca Energetyczny<\/td>\n<td class=\"email\">michal.lidwin@wfos.szczecin.pl<\/td>\n<td class=\"phone\"><\/td>\n<\/tr>\n<tr class=\"contact\">\n<td class=\"name\">Beata Lendner<\/td>\n<td class=\"position\">Doradca Energetyczny<\/td>\n<td class=\"email\">beata.lendner@wfos.szczecin.pl<\/td>\n<td class=\"phone\"><\/td>\n<\/tr>\n<tr class=\"office\">\n<td colspan=\"6\">Biuro Koszalin, ul. Zwyci\u0119stwa 111, Koszalin, tel. <strong>91 48-55-100<\/strong><\/td>\n<\/tr>\n<tr class=\"contact\">\n<td class=\"name\">Wojciech Butrym<\/td>\n<td class=\"position\">Doradca Energetyczny &#8211; Koordynator<\/td>\n<td class=\"email\">wojciech.butrym@wfos.szczecin.pl<\/td>\n<td class=\"phone\"><\/td>\n<\/tr>\n<tr class=\"contact\">\n<td class=\"name\">Pawe\u0142 Filipowicz<\/td>\n<td class=\"position\">Doradca Energetyczny<\/td>\n<td class=\"email\">pawel.filipowicz@wfos.szczecin.pl<\/td>\n<td class=\"phone\"><\/td>\n<\/tr>\n<tr class=\"team\">\n<td colspan=\"6\">Inspektor Ochrony Danych<\/td>\n<\/tr>\n<tr class=\"contact\">\n<td class=\"name\">Olga Bukowska<\/td>\n<td class=\"position\">Inspektor Ochrony Danych<\/td>\n<td class=\"email\">iod@wfos.szczecin.pl<\/td>\n<td class=\"phone\"><\/td>\n<\/tr>\n<tr class=\"team\">\n<td colspan=\"6\">Zesp\u00f3\u0142 Koordynator\u00f3w ds. Dost\u0119pno\u015bci, tel. <strong>91 48-55-100<\/strong><\/td>\n<\/tr>\n<tr class=\"contact\">\n<td class=\"name\">Konrad Czarnecki<\/td>\n<td class=\"position\">Koordynator ds. Dost\u0119pno\u015bci<\/td>\n<td class=\"email\">konrad.czarnecki@wfos.szczecin.pl<\/td>\n<td class=\"phone\"><\/td>\n<\/tr>\n<tr class=\"contact\">\n<td class=\"name\">Wojciech Narkiewicz<\/td>\n<td class=\"position\">Koordynator ds. Dost\u0119pno\u015bci<\/td>\n<td class=\"email\">wojciech.narkiewicz@wfos.szczecin.pl<\/td>\n<td class=\"phone\"><\/td>\n<\/tr>\n<tr class=\"team\">\n<td colspan=\"6\">Zesp\u00f3\u0142 ds. Promocji i Komunikacji<\/td>\n<\/tr>\n<tr class=\"office\">\n<td colspan=\"6\">Biuro Szczecin, ul. Solskiego 3, Szczecin, tel. <strong>91 48-55-100<\/strong><\/td>\n<\/tr>\n<tr class=\"contact\">\n<td class=\"name\">Konrad Czarnecki<\/td>\n<td class=\"position\">Kierownik Zespo\u0142u ds. Promocji i Komunikacji<\/td>\n<td class=\"email\">konrad.czarnecki@wfos.szczecin.pl<\/td>\n<td class=\"phone\"><\/td>\n<\/tr>\n<tr class=\"contact\">\n<td class=\"name\">Magdalena Wujda<\/td>\n<td class=\"position\">Specjalista ds. Promocji i Komunikacji<\/td>\n<td class=\"email\">magdalena.wujda@wfos.szczecin.pl<\/td>\n<td class=\"phone\"><\/td>\n<\/tr>\n<\/tbody>\n<\/table>\n","protected":false},"excerpt":{"rendered":"<p>Zarz\u0105d Biuro Szczecin, ul. Solskiego 3, Szczecin, tel. 91 48-55-100 Waldemar Mi\u015bko Prezes Zarz\u0105du zarzad@wfos.szczecin.pl Marcin Zamaro Zast\u0119pca Prezesa Zarz\u0105du zarzad@wfos.szczecin.pl Dyrektor Funduszu Biuro Koszalin, ul. Zwyci\u0119stwa 111, Koszalin, tel. 91 48-55-100 Karol Popiel p.o. Dyrektor Biura Funduszu w Koszalinie karol.popiel@wfos.szczecin.pl Jadwiga Gancarz Zast\u0119pca Dyrektora Biura Funduszu w Koszalinie jadwiga.gancarz@wfos.szczecin.pl Zesp\u00f3\u0142 ds. Finansowo-Ksi\u0119gowych, tel. 91 48-55-100 Witold Maziarczyk G\u0142\u00f3wny Ksi\u0119gowy&#46;&#46;&#46;<\/p>\n","protected":false},"author":3,"featured_media":0,"parent":0,"template":"","class_list":["post-79","bip","type-bip","status-publish","hentry","type-page"],"yoast_head":"<!-- This site is optimized with the Yoast SEO plugin v27.3 - https:\/\/yoast.com\/product\/yoast-seo-wordpress\/ -->\n<title>Kontakty - WFOS<\/title>\n<meta name=\"robots\" content=\"index, follow, max-snippet:-1, max-image-preview:large, max-video-preview:-1\" \/>\n<link rel=\"canonical\" href=\"https:\/\/archiwum.wfos.szczecin.pl\/bip\/?bip=kontakty\" \/>\n<meta property=\"og:locale\" content=\"pl_PL\" \/>\n<meta property=\"og:type\" content=\"article\" \/>\n<meta property=\"og:title\" content=\"Kontakty - WFOS\" \/>\n<meta property=\"og:description\" content=\"Zarz\u0105d Biuro Szczecin, ul. Solskiego 3, Szczecin, tel. 91 48-55-100 Waldemar Mi\u015bko Prezes Zarz\u0105du zarzad@wfos.szczecin.pl Marcin Zamaro Zast\u0119pca Prezesa Zarz\u0105du zarzad@wfos.szczecin.pl Dyrektor Funduszu Biuro Koszalin, ul. Zwyci\u0119stwa 111, Koszalin, tel. 91 48-55-100 Karol Popiel p.o. Dyrektor Biura Funduszu w Koszalinie karol.popiel@wfos.szczecin.pl Jadwiga Gancarz Zast\u0119pca Dyrektora Biura Funduszu w Koszalinie jadwiga.gancarz@wfos.szczecin.pl Zesp\u00f3\u0142 ds. Finansowo-Ksi\u0119gowych, tel. 91 48-55-100 Witold Maziarczyk G\u0142\u00f3wny Ksi\u0119gowy&#046;&#046;&#046;\" \/>\n<meta property=\"og:url\" content=\"https:\/\/archiwum.wfos.szczecin.pl\/bip\/?bip=kontakty\" \/>\n<meta property=\"og:site_name\" content=\"WFOS\" \/>\n<meta property=\"article:modified_time\" content=\"2026-04-16T11:13:30+00:00\" \/>\n<meta name=\"twitter:card\" content=\"summary_large_image\" \/>\n<meta name=\"twitter:label1\" content=\"Szacowany czas czytania\" \/>\n\t<meta name=\"twitter:data1\" content=\"5 minut\" \/>\n<script type=\"application\/ld+json\" class=\"yoast-schema-graph\">{\"@context\":\"https:\\\/\\\/schema.org\",\"@graph\":[{\"@type\":\"WebPage\",\"@id\":\"https:\\\/\\\/archiwum.wfos.szczecin.pl\\\/bip\\\/?bip=kontakty\",\"url\":\"https:\\\/\\\/archiwum.wfos.szczecin.pl\\\/bip\\\/?bip=kontakty\",\"name\":\"Kontakty - WFOS\",\"isPartOf\":{\"@id\":\"https:\\\/\\\/archiwum.wfos.szczecin.pl\\\/bip\\\/#website\"},\"datePublished\":\"2019-04-01T08:00:00+00:00\",\"dateModified\":\"2026-04-16T11:13:30+00:00\",\"breadcrumb\":{\"@id\":\"https:\\\/\\\/archiwum.wfos.szczecin.pl\\\/bip\\\/?bip=kontakty#breadcrumb\"},\"inLanguage\":\"pl-PL\",\"potentialAction\":[{\"@type\":\"ReadAction\",\"target\":[\"https:\\\/\\\/archiwum.wfos.szczecin.pl\\\/bip\\\/?bip=kontakty\"]}]},{\"@type\":\"BreadcrumbList\",\"@id\":\"https:\\\/\\\/archiwum.wfos.szczecin.pl\\\/bip\\\/?bip=kontakty#breadcrumb\",\"itemListElement\":[{\"@type\":\"ListItem\",\"position\":1,\"name\":\"Strona g\u0142\u00f3wna\",\"item\":\"https:\\\/\\\/archiwum.wfos.szczecin.pl\\\/bip\\\/\"},{\"@type\":\"ListItem\",\"position\":2,\"name\":\"Strony BIP\",\"item\":\"https:\\\/\\\/archiwum.wfos.szczecin.pl\\\/bip\\\/?post_type=bip\"},{\"@type\":\"ListItem\",\"position\":3,\"name\":\"Kontakty\"}]},{\"@type\":\"WebSite\",\"@id\":\"https:\\\/\\\/archiwum.wfos.szczecin.pl\\\/bip\\\/#website\",\"url\":\"https:\\\/\\\/archiwum.wfos.szczecin.pl\\\/bip\\\/\",\"name\":\"WFOS\",\"description\":\"Strona BIP\",\"publisher\":{\"@id\":\"https:\\\/\\\/archiwum.wfos.szczecin.pl\\\/bip\\\/#organization\"},\"potentialAction\":[{\"@type\":\"SearchAction\",\"target\":{\"@type\":\"EntryPoint\",\"urlTemplate\":\"https:\\\/\\\/archiwum.wfos.szczecin.pl\\\/bip\\\/?s={search_term_string}\"},\"query-input\":{\"@type\":\"PropertyValueSpecification\",\"valueRequired\":true,\"valueName\":\"search_term_string\"}}],\"inLanguage\":\"pl-PL\"},{\"@type\":\"Organization\",\"@id\":\"https:\\\/\\\/archiwum.wfos.szczecin.pl\\\/bip\\\/#organization\",\"name\":\"WFOS\",\"url\":\"https:\\\/\\\/archiwum.wfos.szczecin.pl\\\/bip\\\/\",\"logo\":{\"@type\":\"ImageObject\",\"inLanguage\":\"pl-PL\",\"@id\":\"https:\\\/\\\/archiwum.wfos.szczecin.pl\\\/bip\\\/#\\\/schema\\\/logo\\\/image\\\/\",\"url\":\"https:\\\/\\\/archiwum.wfos.szczecin.pl\\\/bip\\\/wp-content\\\/uploads\\\/2022\\\/12\\\/cropped-logo.png\",\"contentUrl\":\"https:\\\/\\\/archiwum.wfos.szczecin.pl\\\/bip\\\/wp-content\\\/uploads\\\/2022\\\/12\\\/cropped-logo.png\",\"width\":892,\"height\":293,\"caption\":\"WFOS\"},\"image\":{\"@id\":\"https:\\\/\\\/archiwum.wfos.szczecin.pl\\\/bip\\\/#\\\/schema\\\/logo\\\/image\\\/\"}}]}<\/script>\n<!-- \/ Yoast SEO plugin. -->","yoast_head_json":{"title":"Kontakty - WFOS","robots":{"index":"index","follow":"follow","max-snippet":"max-snippet:-1","max-image-preview":"max-image-preview:large","max-video-preview":"max-video-preview:-1"},"canonical":"https:\/\/archiwum.wfos.szczecin.pl\/bip\/?bip=kontakty","og_locale":"pl_PL","og_type":"article","og_title":"Kontakty - WFOS","og_description":"Zarz\u0105d Biuro Szczecin, ul. Solskiego 3, Szczecin, tel. 91 48-55-100 Waldemar Mi\u015bko Prezes Zarz\u0105du zarzad@wfos.szczecin.pl Marcin Zamaro Zast\u0119pca Prezesa Zarz\u0105du zarzad@wfos.szczecin.pl Dyrektor Funduszu Biuro Koszalin, ul. Zwyci\u0119stwa 111, Koszalin, tel. 91 48-55-100 Karol Popiel p.o. Dyrektor Biura Funduszu w Koszalinie karol.popiel@wfos.szczecin.pl Jadwiga Gancarz Zast\u0119pca Dyrektora Biura Funduszu w Koszalinie jadwiga.gancarz@wfos.szczecin.pl Zesp\u00f3\u0142 ds. Finansowo-Ksi\u0119gowych, tel. 91 48-55-100 Witold Maziarczyk G\u0142\u00f3wny Ksi\u0119gowy&#46;&#46;&#46;","og_url":"https:\/\/archiwum.wfos.szczecin.pl\/bip\/?bip=kontakty","og_site_name":"WFOS","article_modified_time":"2026-04-16T11:13:30+00:00","twitter_card":"summary_large_image","twitter_misc":{"Szacowany czas czytania":"5 minut"},"schema":{"@context":"https:\/\/schema.org","@graph":[{"@type":"WebPage","@id":"https:\/\/archiwum.wfos.szczecin.pl\/bip\/?bip=kontakty","url":"https:\/\/archiwum.wfos.szczecin.pl\/bip\/?bip=kontakty","name":"Kontakty - WFOS","isPartOf":{"@id":"https:\/\/archiwum.wfos.szczecin.pl\/bip\/#website"},"datePublished":"2019-04-01T08:00:00+00:00","dateModified":"2026-04-16T11:13:30+00:00","breadcrumb":{"@id":"https:\/\/archiwum.wfos.szczecin.pl\/bip\/?bip=kontakty#breadcrumb"},"inLanguage":"pl-PL","potentialAction":[{"@type":"ReadAction","target":["https:\/\/archiwum.wfos.szczecin.pl\/bip\/?bip=kontakty"]}]},{"@type":"BreadcrumbList","@id":"https:\/\/archiwum.wfos.szczecin.pl\/bip\/?bip=kontakty#breadcrumb","itemListElement":[{"@type":"ListItem","position":1,"name":"Strona g\u0142\u00f3wna","item":"https:\/\/archiwum.wfos.szczecin.pl\/bip\/"},{"@type":"ListItem","position":2,"name":"Strony BIP","item":"https:\/\/archiwum.wfos.szczecin.pl\/bip\/?post_type=bip"},{"@type":"ListItem","position":3,"name":"Kontakty"}]},{"@type":"WebSite","@id":"https:\/\/archiwum.wfos.szczecin.pl\/bip\/#website","url":"https:\/\/archiwum.wfos.szczecin.pl\/bip\/","name":"WFOS","description":"Strona BIP","publisher":{"@id":"https:\/\/archiwum.wfos.szczecin.pl\/bip\/#organization"},"potentialAction":[{"@type":"SearchAction","target":{"@type":"EntryPoint","urlTemplate":"https:\/\/archiwum.wfos.szczecin.pl\/bip\/?s={search_term_string}"},"query-input":{"@type":"PropertyValueSpecification","valueRequired":true,"valueName":"search_term_string"}}],"inLanguage":"pl-PL"},{"@type":"Organization","@id":"https:\/\/archiwum.wfos.szczecin.pl\/bip\/#organization","name":"WFOS","url":"https:\/\/archiwum.wfos.szczecin.pl\/bip\/","logo":{"@type":"ImageObject","inLanguage":"pl-PL","@id":"https:\/\/archiwum.wfos.szczecin.pl\/bip\/#\/schema\/logo\/image\/","url":"https:\/\/archiwum.wfos.szczecin.pl\/bip\/wp-content\/uploads\/2022\/12\/cropped-logo.png","contentUrl":"https:\/\/archiwum.wfos.szczecin.pl\/bip\/wp-content\/uploads\/2022\/12\/cropped-logo.png","width":892,"height":293,"caption":"WFOS"},"image":{"@id":"https:\/\/archiwum.wfos.szczecin.pl\/bip\/#\/schema\/logo\/image\/"}}]}},"_links":{"self":[{"href":"https:\/\/archiwum.wfos.szczecin.pl\/bip\/index.php?rest_route=\/wp\/v2\/bip\/79","targetHints":{"allow":["GET"]}}],"collection":[{"href":"https:\/\/archiwum.wfos.szczecin.pl\/bip\/index.php?rest_route=\/wp\/v2\/bip"}],"about":[{"href":"https:\/\/archiwum.wfos.szczecin.pl\/bip\/index.php?rest_route=\/wp\/v2\/types\/bip"}],"author":[{"embeddable":true,"href":"https:\/\/archiwum.wfos.szczecin.pl\/bip\/index.php?rest_route=\/wp\/v2\/users\/3"}],"version-history":[{"count":117,"href":"https:\/\/archiwum.wfos.szczecin.pl\/bip\/index.php?rest_route=\/wp\/v2\/bip\/79\/revisions"}],"predecessor-version":[{"id":1935,"href":"https:\/\/archiwum.wfos.szczecin.pl\/bip\/index.php?rest_route=\/wp\/v2\/bip\/79\/revisions\/1935"}],"wp:attachment":[{"href":"https:\/\/archiwum.wfos.szczecin.pl\/bip\/index.php?rest_route=%2Fwp%2Fv2%2Fmedia&parent=79"}],"curies":[{"name":"wp","href":"https:\/\/api.w.org\/{rel}","templated":true}]}}